{"id":7432,"date":"2021-06-23T15:36:20","date_gmt":"2021-06-23T13:36:20","guid":{"rendered":"https:\/\/maendeleo.ch\/wordpress\/?page_id=7432"},"modified":"2022-03-14T18:09:14","modified_gmt":"2022-03-14T16:09:14","slug":"bauprojekt","status":"publish","type":"page","link":"https:\/\/maendeleo.ch\/wordpress\/","title":{"rendered":"Bauprojekt 21\/22"},"content":{"rendered":"\t\t<div data-elementor-type=\"wp-page\" data-elementor-id=\"7432\" class=\"elementor elementor-7432\" data-elementor-post-type=\"page\">\n\t\t\t\t\t\t<section class=\"elementor-section elementor-top-section elementor-element elementor-element-43461e12 elementor-section-boxed elementor-section-height-default elementor-section-height-default\" data-id=\"43461e12\" data-element_type=\"section\" data-e-type=\"section\">\n\t\t\t\t\t\t<div class=\"elementor-container elementor-column-gap-default\">\n\t\t\t\t\t<div class=\"elementor-column elementor-col-100 elementor-top-column elementor-element elementor-element-3fccc20\" data-id=\"3fccc20\" data-element_type=\"column\" data-e-type=\"column\">\n\t\t\t<div class=\"elementor-widget-wrap elementor-element-populated\">\n\t\t\t\t\t\t<div class=\"elementor-element elementor-element-66ef8989 elementor-widget elementor-widget-text-editor\" data-id=\"66ef8989\" data-element_type=\"widget\" data-e-type=\"widget\" data-widget_type=\"text-editor.default\">\n\t\t\t\t<div class=\"elementor-widget-container\">\n\t\t\t\t\t\t\t\t\t\n<div class=\"wp-block-themeisle-blocks-advanced-columns has-undefined-columns has-desktop-undefined-layout has-tablet-equal-layout has-mobile-equal-layout has-default-gap has-vertical-unset\" id=\"wp-block-themeisle-blocks-advanced-columns-2fcd4423\"><div class=\"wp-block-themeisle-blocks-advanced-columns-overlay\"><\/div><div class=\"innerblocks-wrap\"><\/div><\/div>\n\t\t\t\t\t\t\t\t<\/div>\n\t\t\t\t<\/div>\n\t\t\t\t\t<\/div>\n\t\t<\/div>\n\t\t\t\t\t<\/div>\n\t\t<\/section>\n\t\t\t\t<section class=\"elementor-section elementor-top-section elementor-element elementor-element-2d2a860 elementor-section-boxed elementor-section-height-default elementor-section-height-default\" data-id=\"2d2a860\" data-element_type=\"section\" data-e-type=\"section\">\n\t\t\t\t\t\t<div class=\"elementor-container elementor-column-gap-default\">\n\t\t\t\t\t<div class=\"elementor-column elementor-col-100 elementor-top-column elementor-element elementor-element-2b81667\" data-id=\"2b81667\" data-element_type=\"column\" data-e-type=\"column\">\n\t\t\t<div class=\"elementor-widget-wrap elementor-element-populated\">\n\t\t\t\t\t\t<div class=\"elementor-element elementor-element-a0c07d4 elementor-grid-1 elementor-posts--thumbnail-left elementor-grid-tablet-2 elementor-grid-mobile-1 elementor-widget elementor-widget-posts\" data-id=\"a0c07d4\" data-element_type=\"widget\" data-e-type=\"widget\" data-settings=\"{&quot;classic_columns&quot;:&quot;1&quot;,&quot;classic_columns_tablet&quot;:&quot;2&quot;,&quot;classic_columns_mobile&quot;:&quot;1&quot;,&quot;classic_row_gap&quot;:{&quot;unit&quot;:&quot;px&quot;,&quot;size&quot;:35,&quot;sizes&quot;:[]},&quot;classic_row_gap_tablet&quot;:{&quot;unit&quot;:&quot;px&quot;,&quot;size&quot;:&quot;&quot;,&quot;sizes&quot;:[]},&quot;classic_row_gap_mobile&quot;:{&quot;unit&quot;:&quot;px&quot;,&quot;size&quot;:&quot;&quot;,&quot;sizes&quot;:[]}}\" data-widget_type=\"posts.classic\">\n\t\t\t\t<div class=\"elementor-widget-container\">\n\t\t\t\t\t\t\t<div class=\"elementor-posts-container elementor-posts elementor-posts--skin-classic elementor-grid\" role=\"list\">\n\t\t\t\t<article class=\"elementor-post elementor-grid-item post-8273 post type-post status-publish format-standard has-post-thumbnail hentry category-archiv-2022 category-bauprojekt-21\" role=\"listitem\">\n\t\t\t\t<a class=\"elementor-post__thumbnail__link\" href=\"https:\/\/maendeleo.ch\/wordpress\/elementor-8273\/\" tabindex=\"-1\" >\n\t\t\t<div class=\"elementor-post__thumbnail\"><img fetchpriority=\"high\" decoding=\"async\" width=\"300\" height=\"225\" src=\"https:\/\/maendeleo.ch\/wordpress\/wp-content\/uploads\/2022\/07\/Schulanlage-von-Strasse-aus-gesehen--300x225.jpg\" class=\"attachment-medium size-medium wp-image-8305\" alt=\"\" srcset=\"https:\/\/maendeleo.ch\/wordpress\/wp-content\/uploads\/2022\/07\/Schulanlage-von-Strasse-aus-gesehen--300x225.jpg 300w, https:\/\/maendeleo.ch\/wordpress\/wp-content\/uploads\/2022\/07\/Schulanlage-von-Strasse-aus-gesehen--768x576.jpg 768w, https:\/\/maendeleo.ch\/wordpress\/wp-content\/uploads\/2022\/07\/Schulanlage-von-Strasse-aus-gesehen-.jpg 1024w\" sizes=\"(max-width: 300px) 100vw, 300px\" \/><\/div>\n\t\t<\/a>\n\t\t\t\t<div class=\"elementor-post__text\">\n\t\t\t\t<h3 class=\"elementor-post__title\">\n\t\t\t<a href=\"https:\/\/maendeleo.ch\/wordpress\/elementor-8273\/\" >\n\t\t\t\tDie neue Anlage ist fertig!\t\t\t<\/a>\n\t\t<\/h3>\n\t\t\t\t<div class=\"elementor-post__excerpt\">\n\t\t\t<p>Juli 2022: So sieht unsere Anlage jetzt aus So pr\u00e4sentiert sich unsere Anlage Ende Juni 22: links der neue Stufenbau mit zwei Schulzimmern,\u00a0rechts\u00a0 das neue Prunkst\u00fcck der Anlage, der &#8222;Salle Polyvalente Anita&#8220;.\u00a0Dazwischen stehen zwei Bauten aus dem Jahre 2009\/11: links der obere Schultrakt, rechts die alte Toilettenanlage.\u00a0Diese beiden Geb\u00e4ude sind<\/p>\n\t\t<\/div>\n\t\t\n\t\t<a class=\"elementor-post__read-more\" href=\"https:\/\/maendeleo.ch\/wordpress\/elementor-8273\/\" aria-label=\"Mehr \u00fcber Die neue Anlage ist fertig!\" tabindex=\"-1\" >\n\t\t\tWeiterlesen \u00bb\t\t<\/a>\n\n\t\t\t\t<\/div>\n\t\t\t\t<\/article>\n\t\t\t\t<article class=\"elementor-post elementor-grid-item post-8219 post type-post status-publish format-standard has-post-thumbnail hentry category-archiv-2022 category-bauprojekt-21\" role=\"listitem\">\n\t\t\t\t<a class=\"elementor-post__thumbnail__link\" href=\"https:\/\/maendeleo.ch\/wordpress\/elementor-8219\/\" tabindex=\"-1\" >\n\t\t\t<div class=\"elementor-post__thumbnail\"><img decoding=\"async\" width=\"300\" height=\"135\" src=\"https:\/\/maendeleo.ch\/wordpress\/wp-content\/uploads\/2022\/03\/MZ-vor-Vollendung-3-300x135.jpeg\" class=\"attachment-medium size-medium wp-image-8223\" alt=\"\" srcset=\"https:\/\/maendeleo.ch\/wordpress\/wp-content\/uploads\/2022\/03\/MZ-vor-Vollendung-3-300x135.jpeg 300w, https:\/\/maendeleo.ch\/wordpress\/wp-content\/uploads\/2022\/03\/MZ-vor-Vollendung-3-768x346.jpeg 768w, https:\/\/maendeleo.ch\/wordpress\/wp-content\/uploads\/2022\/03\/MZ-vor-Vollendung-3.jpeg 960w\" sizes=\"(max-width: 300px) 100vw, 300px\" \/><\/div>\n\t\t<\/a>\n\t\t\t\t<div class=\"elementor-post__text\">\n\t\t\t\t<h3 class=\"elementor-post__title\">\n\t\t\t<a href=\"https:\/\/maendeleo.ch\/wordpress\/elementor-8219\/\" >\n\t\t\t\tDer Mehrzwecksaal kann bald genutzt werden\t\t\t<\/a>\n\t\t<\/h3>\n\t\t\t\t<div class=\"elementor-post__excerpt\">\n\t\t\t<p>Plan und Realisierung So visualisierte die Architektur- und&nbsp;Baufirma&nbsp; &#8222;B\u00e2tisse d&#8217;Avenir&#8220; 2021 den Mehrzwecksaal. Bei meinem Besuch im Juni 21 besprachen wir noch einige \u00c4nderungen, die LehrerInnen fanden den geplanten Saal zu klein: Also passte B\u00e2tisse die Pl\u00e4ne an und ich musste unsren Leuten zu Hause erkl\u00e4ren, warum sich der Bau&nbsp;<\/p>\n\t\t<\/div>\n\t\t\n\t\t<a class=\"elementor-post__read-more\" href=\"https:\/\/maendeleo.ch\/wordpress\/elementor-8219\/\" aria-label=\"Mehr \u00fcber Der Mehrzwecksaal kann bald genutzt werden\" tabindex=\"-1\" >\n\t\t\tWeiterlesen \u00bb\t\t<\/a>\n\n\t\t\t\t<\/div>\n\t\t\t\t<\/article>\n\t\t\t\t<article class=\"elementor-post elementor-grid-item post-8005 post type-post status-publish format-standard has-post-thumbnail hentry category-archiv-2022 category-bauprojekt-21\" role=\"listitem\">\n\t\t\t\t<a class=\"elementor-post__thumbnail__link\" href=\"https:\/\/maendeleo.ch\/wordpress\/gehen-die-bauarbeiten-ende-maerz-zu-ende\/\" tabindex=\"-1\" >\n\t\t\t<div class=\"elementor-post__thumbnail\"><img decoding=\"async\" width=\"300\" height=\"144\" src=\"https:\/\/maendeleo.ch\/wordpress\/wp-content\/uploads\/2022\/03\/baustelle-ikoma-300x144.jpg\" class=\"attachment-medium size-medium wp-image-7999\" alt=\"\" srcset=\"https:\/\/maendeleo.ch\/wordpress\/wp-content\/uploads\/2022\/03\/baustelle-ikoma-300x144.jpg 300w, https:\/\/maendeleo.ch\/wordpress\/wp-content\/uploads\/2022\/03\/baustelle-ikoma-768x368.jpg 768w, https:\/\/maendeleo.ch\/wordpress\/wp-content\/uploads\/2022\/03\/baustelle-ikoma.jpg 998w\" sizes=\"(max-width: 300px) 100vw, 300px\" \/><\/div>\n\t\t<\/a>\n\t\t\t\t<div class=\"elementor-post__text\">\n\t\t\t\t<h3 class=\"elementor-post__title\">\n\t\t\t<a href=\"https:\/\/maendeleo.ch\/wordpress\/gehen-die-bauarbeiten-ende-maerz-zu-ende\/\" >\n\t\t\t\tGehen die Bauarbeiten Ende M\u00e4rz zu Ende?\t\t\t<\/a>\n\t\t<\/h3>\n\t\t\t\t<div class=\"elementor-post__excerpt\">\n\t\t\t<p>Gehen die Bauarbeiten Ende M\u00e4rz zu Ende? Ich war im Juni 21 in Bukavu, besprach letzte Anpassungen der Pl\u00e4ne mit den Leuten vor Ort und erlebte den Start der Bauarbeiten. Die Leute der Baufirma B\u00e2tisse d\u2019Avenir sagten mir damals, dass sie die zwei Schulzimmer, den Mehrzwecksaal, neue Toiletten und eine<\/p>\n\t\t<\/div>\n\t\t\n\t\t<a class=\"elementor-post__read-more\" href=\"https:\/\/maendeleo.ch\/wordpress\/gehen-die-bauarbeiten-ende-maerz-zu-ende\/\" aria-label=\"Mehr \u00fcber Gehen die Bauarbeiten Ende M\u00e4rz zu Ende?\" tabindex=\"-1\" >\n\t\t\tWeiterlesen \u00bb\t\t<\/a>\n\n\t\t\t\t<\/div>\n\t\t\t\t<\/article>\n\t\t\t\t<article class=\"elementor-post elementor-grid-item post-7805 post type-post status-publish format-standard has-post-thumbnail hentry category-bauprojekt-21\" role=\"listitem\">\n\t\t\t\t<a class=\"elementor-post__thumbnail__link\" href=\"https:\/\/maendeleo.ch\/wordpress\/elementor-7805\/\" tabindex=\"-1\" >\n\t\t\t<div class=\"elementor-post__thumbnail\"><img loading=\"lazy\" decoding=\"async\" width=\"300\" height=\"135\" src=\"https:\/\/maendeleo.ch\/wordpress\/wp-content\/uploads\/2021\/09\/WhatsApp-Image-2021-08-28-at-20.22.14-1-300x135.jpeg\" class=\"attachment-medium size-medium wp-image-7827\" alt=\"\" srcset=\"https:\/\/maendeleo.ch\/wordpress\/wp-content\/uploads\/2021\/09\/WhatsApp-Image-2021-08-28-at-20.22.14-1-300x135.jpeg 300w, https:\/\/maendeleo.ch\/wordpress\/wp-content\/uploads\/2021\/09\/WhatsApp-Image-2021-08-28-at-20.22.14-1-768x346.jpeg 768w, https:\/\/maendeleo.ch\/wordpress\/wp-content\/uploads\/2021\/09\/WhatsApp-Image-2021-08-28-at-20.22.14-1.jpeg 960w\" sizes=\"(max-width: 300px) 100vw, 300px\" \/><\/div>\n\t\t<\/a>\n\t\t\t\t<div class=\"elementor-post__text\">\n\t\t\t\t<h3 class=\"elementor-post__title\">\n\t\t\t<a href=\"https:\/\/maendeleo.ch\/wordpress\/elementor-7805\/\" >\n\t\t\t\tDer Bau kommt voran\t\t\t<\/a>\n\t\t<\/h3>\n\t\t\t\t<div class=\"elementor-post__excerpt\">\n\t\t\t<p>Das Schulgeb\u00e4ude wird gedeckt &#8211; es fehlt an Backsteinen Wenn das neue Schuljahr Mitte Oktober beginnt, werden die Erstkl\u00e4sslerInnen in dieses neue Geb\u00e4ude einziehen k\u00f6nnen. Das Schuljahr 21\/22 beginnt einen Monat sp\u00e4ter als in &#8222;normalen&#8220; Jahren. Die langen Sommerferien fielen dieses Jahr aus,&nbsp; von Juli bis&nbsp; September holten die Sch\u00fclerInnen<\/p>\n\t\t<\/div>\n\t\t\n\t\t<a class=\"elementor-post__read-more\" href=\"https:\/\/maendeleo.ch\/wordpress\/elementor-7805\/\" aria-label=\"Mehr \u00fcber Der Bau kommt voran\" tabindex=\"-1\" >\n\t\t\tWeiterlesen \u00bb\t\t<\/a>\n\n\t\t\t\t<\/div>\n\t\t\t\t<\/article>\n\t\t\t\t<article class=\"elementor-post elementor-grid-item post-7760 post type-post status-publish format-standard has-post-thumbnail hentry category-bauprojekt-21\" role=\"listitem\">\n\t\t\t\t<a class=\"elementor-post__thumbnail__link\" href=\"https:\/\/maendeleo.ch\/wordpress\/bauarbeiten-stand-11-8-2021\/\" tabindex=\"-1\" >\n\t\t\t<div class=\"elementor-post__thumbnail\"><img loading=\"lazy\" decoding=\"async\" width=\"300\" height=\"166\" src=\"https:\/\/maendeleo.ch\/wordpress\/wp-content\/uploads\/2021\/07\/Modell-Salle-poly--300x166.jpg\" class=\"attachment-medium size-medium wp-image-7638\" alt=\"\" srcset=\"https:\/\/maendeleo.ch\/wordpress\/wp-content\/uploads\/2021\/07\/Modell-Salle-poly--300x166.jpg 300w, https:\/\/maendeleo.ch\/wordpress\/wp-content\/uploads\/2021\/07\/Modell-Salle-poly--1024x568.jpg 1024w, https:\/\/maendeleo.ch\/wordpress\/wp-content\/uploads\/2021\/07\/Modell-Salle-poly--768x426.jpg 768w, https:\/\/maendeleo.ch\/wordpress\/wp-content\/uploads\/2021\/07\/Modell-Salle-poly--1536x852.jpg 1536w, https:\/\/maendeleo.ch\/wordpress\/wp-content\/uploads\/2021\/07\/Modell-Salle-poly-.jpg 1630w\" sizes=\"(max-width: 300px) 100vw, 300px\" \/><\/div>\n\t\t<\/a>\n\t\t\t\t<div class=\"elementor-post__text\">\n\t\t\t\t<h3 class=\"elementor-post__title\">\n\t\t\t<a href=\"https:\/\/maendeleo.ch\/wordpress\/bauarbeiten-stand-11-8-2021\/\" >\n\t\t\t\tBauarbeiten Stand 11.8.2021\t\t\t<\/a>\n\t\t<\/h3>\n\t\t\t\t<div class=\"elementor-post__excerpt\">\n\t\t\t<p>Ein zwei Minuten langes Video, erstellt von Bertin Mungombe, zeigt den aktuellen Stand der Bauarbeiten in Ikoma. Die zus\u00e4tzlichen Schulzimmer und der Mehrzwecksaal sind am Wachsen!<\/p>\n\t\t<\/div>\n\t\t\n\t\t<a class=\"elementor-post__read-more\" href=\"https:\/\/maendeleo.ch\/wordpress\/bauarbeiten-stand-11-8-2021\/\" aria-label=\"Mehr \u00fcber Bauarbeiten Stand 11.8.2021\" tabindex=\"-1\" >\n\t\t\tWeiterlesen \u00bb\t\t<\/a>\n\n\t\t\t\t<\/div>\n\t\t\t\t<\/article>\n\t\t\t\t<article class=\"elementor-post elementor-grid-item post-7666 post type-post status-publish format-standard has-post-thumbnail hentry category-bauprojekt-21\" role=\"listitem\">\n\t\t\t\t<a class=\"elementor-post__thumbnail__link\" href=\"https:\/\/maendeleo.ch\/wordpress\/baufirma-batisse-davenir\/\" tabindex=\"-1\" >\n\t\t\t<div class=\"elementor-post__thumbnail\"><img loading=\"lazy\" decoding=\"async\" width=\"300\" height=\"135\" src=\"https:\/\/maendeleo.ch\/wordpress\/wp-content\/uploads\/2021\/09\/WhatsApp-Image-2021-08-28-at-20.22.14-1-300x135.jpeg\" class=\"attachment-medium size-medium wp-image-7827\" alt=\"\" srcset=\"https:\/\/maendeleo.ch\/wordpress\/wp-content\/uploads\/2021\/09\/WhatsApp-Image-2021-08-28-at-20.22.14-1-300x135.jpeg 300w, https:\/\/maendeleo.ch\/wordpress\/wp-content\/uploads\/2021\/09\/WhatsApp-Image-2021-08-28-at-20.22.14-1-768x346.jpeg 768w, https:\/\/maendeleo.ch\/wordpress\/wp-content\/uploads\/2021\/09\/WhatsApp-Image-2021-08-28-at-20.22.14-1.jpeg 960w\" sizes=\"(max-width: 300px) 100vw, 300px\" \/><\/div>\n\t\t<\/a>\n\t\t\t\t<div class=\"elementor-post__text\">\n\t\t\t\t<h3 class=\"elementor-post__title\">\n\t\t\t<a href=\"https:\/\/maendeleo.ch\/wordpress\/baufirma-batisse-davenir\/\" >\n\t\t\t\tBaufirma: B\u00e2tisse d&#8217;Avenir\t\t\t<\/a>\n\t\t<\/h3>\n\t\t\t\t<div class=\"elementor-post__excerpt\">\n\t\t\t<p>B\u00e2tisse d&#8217;Avenir &#8211; ein kongolesisches Startup! &nbsp;B\u00e2tisse d\u2019Avenir wurde 2016 gegr\u00fcndet von drei Kongolesen, die im Ausland Bautechnik studiert haben, Jo\u00ebl und Christian in Burundi, Chance in Uganda. Das noch junge Unternehmen unterh\u00e4lt derzeit vier Baustellen. Jo\u00ebl erz\u00e4hlt mir beil\u00e4ufig, dass sie in Walungu ein Haus bauen f\u00fcr \u00abla Premi\u00e8re<\/p>\n\t\t<\/div>\n\t\t\n\t\t<a class=\"elementor-post__read-more\" href=\"https:\/\/maendeleo.ch\/wordpress\/baufirma-batisse-davenir\/\" aria-label=\"Mehr \u00fcber Baufirma: B\u00e2tisse d&#8217;Avenir\" tabindex=\"-1\" >\n\t\t\tWeiterlesen \u00bb\t\t<\/a>\n\n\t\t\t\t<\/div>\n\t\t\t\t<\/article>\n\t\t\t\t<\/div>\n\t\t\n\t\t\t\t\t\t<\/div>\n\t\t\t\t<\/div>\n\t\t\t\t\t<\/div>\n\t\t<\/div>\n\t\t\t\t\t<\/div>\n\t\t<\/section>\n\t\t\t\t<\/div>\n\t\t","protected":false},"excerpt":{"rendered":"","protected":false},"author":1,"featured_media":0,"parent":0,"menu_order":0,"comment_status":"closed","ping_status":"closed","template":"","meta":{"footnotes":""},"class_list":["post-7432","page","type-page","status-publish","hentry"],"_links":{"self":[{"href":"https:\/\/maendeleo.ch\/wordpress\/wp-json\/wp\/v2\/pages\/7432","targetHints":{"allow":["GET"]}}],"collection":[{"href":"https:\/\/maendeleo.ch\/wordpress\/wp-json\/wp\/v2\/pages"}],"about":[{"href":"https:\/\/maendeleo.ch\/wordpress\/wp-json\/wp\/v2\/types\/page"}],"author":[{"embeddable":true,"href":"https:\/\/maendeleo.ch\/wordpress\/wp-json\/wp\/v2\/users\/1"}],"replies":[{"embeddable":true,"href":"https:\/\/maendeleo.ch\/wordpress\/wp-json\/wp\/v2\/comments?post=7432"}],"version-history":[{"count":9,"href":"https:\/\/maendeleo.ch\/wordpress\/wp-json\/wp\/v2\/pages\/7432\/revisions"}],"predecessor-version":[{"id":8086,"href":"https:\/\/maendeleo.ch\/wordpress\/wp-json\/wp\/v2\/pages\/7432\/revisions\/8086"}],"wp:attachment":[{"href":"https:\/\/maendeleo.ch\/wordpress\/wp-json\/wp\/v2\/media?parent=7432"}],"curies":[{"name":"wp","href":"https:\/\/api.w.org\/{rel}","templated":true}]}}