{"id":55,"date":"2018-08-23T07:47:39","date_gmt":"2018-08-23T07:47:39","guid":{"rendered":"https:\/\/maendeleo.ch\/wordpress\/?page_id=55"},"modified":"2025-09-22T21:19:39","modified_gmt":"2025-09-22T19:19:39","slug":"schule","status":"publish","type":"page","link":"https:\/\/maendeleo.ch\/wordpress\/schule\/","title":{"rendered":"Schule"},"content":{"rendered":"\t\t<div data-elementor-type=\"wp-post\" data-elementor-id=\"55\" class=\"elementor elementor-55\" data-elementor-post-type=\"page\">\n\t\t\t\t\t\t<section class=\"elementor-section elementor-top-section elementor-element elementor-element-57406ca elementor-section-boxed elementor-section-height-default elementor-section-height-default\" data-id=\"57406ca\" data-element_type=\"section\" data-e-type=\"section\">\n\t\t\t\t\t\t<div class=\"elementor-container elementor-column-gap-default\">\n\t\t\t\t\t<div class=\"elementor-column elementor-col-100 elementor-top-column elementor-element elementor-element-90f01c5\" data-id=\"90f01c5\" data-element_type=\"column\" data-e-type=\"column\">\n\t\t\t<div class=\"elementor-widget-wrap elementor-element-populated\">\n\t\t\t\t\t\t<div class=\"elementor-element elementor-element-7a90ad9 elementor-grid-3 elementor-grid-tablet-2 elementor-grid-mobile-1 elementor-posts--thumbnail-top elementor-widget elementor-widget-posts\" data-id=\"7a90ad9\" data-element_type=\"widget\" data-e-type=\"widget\" data-settings=\"{&quot;pagination_type&quot;:&quot;numbers&quot;,&quot;classic_columns&quot;:&quot;3&quot;,&quot;classic_columns_tablet&quot;:&quot;2&quot;,&quot;classic_columns_mobile&quot;:&quot;1&quot;,&quot;classic_row_gap&quot;:{&quot;unit&quot;:&quot;px&quot;,&quot;size&quot;:35,&quot;sizes&quot;:[]},&quot;classic_row_gap_tablet&quot;:{&quot;unit&quot;:&quot;px&quot;,&quot;size&quot;:&quot;&quot;,&quot;sizes&quot;:[]},&quot;classic_row_gap_mobile&quot;:{&quot;unit&quot;:&quot;px&quot;,&quot;size&quot;:&quot;&quot;,&quot;sizes&quot;:[]}}\" data-widget_type=\"posts.classic\">\n\t\t\t\t<div class=\"elementor-widget-container\">\n\t\t\t\t\t\t\t<div class=\"elementor-posts-container elementor-posts elementor-posts--skin-classic elementor-grid\" role=\"list\">\n\t\t\t\t<article class=\"elementor-post elementor-grid-item post-9723 post type-post status-publish format-standard has-post-thumbnail hentry category-aktuell category-leben-im-kongo category-schule\" role=\"listitem\">\n\t\t\t\t<a class=\"elementor-post__thumbnail__link\" href=\"https:\/\/maendeleo.ch\/wordpress\/unsre\/\" tabindex=\"-1\" >\n\t\t\t<div class=\"elementor-post__thumbnail\"><img fetchpriority=\"high\" decoding=\"async\" width=\"998\" height=\"553\" src=\"https:\/\/maendeleo.ch\/wordpress\/wp-content\/uploads\/2026\/01\/Kongo-Fluechtende.png\" class=\"attachment-full size-full wp-image-9731\" alt=\"\" srcset=\"https:\/\/maendeleo.ch\/wordpress\/wp-content\/uploads\/2026\/01\/Kongo-Fluechtende.png 998w, https:\/\/maendeleo.ch\/wordpress\/wp-content\/uploads\/2026\/01\/Kongo-Fluechtende-300x166.png 300w, https:\/\/maendeleo.ch\/wordpress\/wp-content\/uploads\/2026\/01\/Kongo-Fluechtende-768x426.png 768w\" sizes=\"(max-width: 998px) 100vw, 998px\" \/><\/div>\n\t\t<\/a>\n\t\t\t\t<div class=\"elementor-post__text\">\n\t\t\t\t<h3 class=\"elementor-post__title\">\n\t\t\t<a href=\"https:\/\/maendeleo.ch\/wordpress\/unsre\/\" >\n\t\t\t\tUnsere Schule im Kampfgebiet\t\t\t<\/a>\n\t\t<\/h3>\n\t\t\t\t<div class=\"elementor-post__excerpt\">\n\t\t\t<p>Wazalendo terrorisieren Bev\u00f6lkerung (Mungombe\/hje) Im Februar 2025 hat die Rebellenarmee M23, die von Ruanda unterst\u00fctzt wird, grosse Teil des Nord- und S\u00fcdkivu erobert. Unsere Schule liegt seither am Rande des besetzten Gebietes. Dort wird immer noch gek\u00e4mpft. Die kongolesische Armee ist geflohen, Widerstand leisten seither die Wazalendo. Das sind lokale<\/p>\n\t\t<\/div>\n\t\t\n\t\t<a class=\"elementor-post__read-more\" href=\"https:\/\/maendeleo.ch\/wordpress\/unsre\/\" aria-label=\"Mehr \u00fcber Unsere Schule im Kampfgebiet\" tabindex=\"-1\" >\n\t\t\tWeiterlesen \u00bb\t\t<\/a>\n\n\t\t\t\t<\/div>\n\t\t\t\t<\/article>\n\t\t\t\t<article class=\"elementor-post elementor-grid-item post-9688 post type-post status-publish format-standard has-post-thumbnail hentry category-aktuell category-schule category-schule-2\" role=\"listitem\">\n\t\t\t\t<a class=\"elementor-post__thumbnail__link\" href=\"https:\/\/maendeleo.ch\/wordpress\/eine-reise-nach-ikoma-ist-unmoeglich\/\" tabindex=\"-1\" >\n\t\t\t<div class=\"elementor-post__thumbnail\"><img decoding=\"async\" width=\"2486\" height=\"1394\" src=\"https:\/\/maendeleo.ch\/wordpress\/wp-content\/uploads\/2025\/09\/Schule-Totale-25-2.jpg\" class=\"attachment-full size-full wp-image-9693\" alt=\"\" srcset=\"https:\/\/maendeleo.ch\/wordpress\/wp-content\/uploads\/2025\/09\/Schule-Totale-25-2.jpg 2486w, https:\/\/maendeleo.ch\/wordpress\/wp-content\/uploads\/2025\/09\/Schule-Totale-25-2-300x168.jpg 300w, https:\/\/maendeleo.ch\/wordpress\/wp-content\/uploads\/2025\/09\/Schule-Totale-25-2-1024x574.jpg 1024w, https:\/\/maendeleo.ch\/wordpress\/wp-content\/uploads\/2025\/09\/Schule-Totale-25-2-768x431.jpg 768w, https:\/\/maendeleo.ch\/wordpress\/wp-content\/uploads\/2025\/09\/Schule-Totale-25-2-1536x861.jpg 1536w, https:\/\/maendeleo.ch\/wordpress\/wp-content\/uploads\/2025\/09\/Schule-Totale-25-2-2048x1148.jpg 2048w\" sizes=\"(max-width: 2486px) 100vw, 2486px\" \/><\/div>\n\t\t<\/a>\n\t\t\t\t<div class=\"elementor-post__text\">\n\t\t\t\t<h3 class=\"elementor-post__title\">\n\t\t\t<a href=\"https:\/\/maendeleo.ch\/wordpress\/eine-reise-nach-ikoma-ist-unmoeglich\/\" >\n\t\t\t\tEine Reise nach Ikoma ist unm\u00f6glich\t\t\t<\/a>\n\t\t<\/h3>\n\t\t\t\t<div class=\"elementor-post__excerpt\">\n\t\t\t<p>Der Besuch unserer Schule ist bis auf Weiteres unm\u00f6glich (hje) Ein Anruf bei der kongolesichen Botschaft in Bern macht es klar. &#8220; Wir k\u00f6nnen Ihnen kein Visum ausstellen, ihre Schule liegt in der &#8222;roten Zone&#8220;, zudem ist es viel zu gef\u00e4hrlich dort&#8220;. Diese &#8222;rote Zone&#8220; umfasst weite Teile des Nord-<\/p>\n\t\t<\/div>\n\t\t\n\t\t<a class=\"elementor-post__read-more\" href=\"https:\/\/maendeleo.ch\/wordpress\/eine-reise-nach-ikoma-ist-unmoeglich\/\" aria-label=\"Mehr \u00fcber Eine Reise nach Ikoma ist unm\u00f6glich\" tabindex=\"-1\" >\n\t\t\tWeiterlesen \u00bb\t\t<\/a>\n\n\t\t\t\t<\/div>\n\t\t\t\t<\/article>\n\t\t\t\t<article class=\"elementor-post elementor-grid-item post-9635 post type-post status-publish format-standard has-post-thumbnail hentry category-aktuell category-schule\" role=\"listitem\">\n\t\t\t\t<a class=\"elementor-post__thumbnail__link\" href=\"https:\/\/maendeleo.ch\/wordpress\/statt-20-reisen-4-kisten-mit-material-nach-ikoma\/\" tabindex=\"-1\" >\n\t\t\t<div class=\"elementor-post__thumbnail\"><img decoding=\"async\" width=\"400\" height=\"300\" src=\"https:\/\/maendeleo.ch\/wordpress\/wp-content\/uploads\/2025\/08\/IMG_7664-2-1.jpeg\" class=\"attachment-full size-full wp-image-9625\" alt=\"\" srcset=\"https:\/\/maendeleo.ch\/wordpress\/wp-content\/uploads\/2025\/08\/IMG_7664-2-1.jpeg 400w, https:\/\/maendeleo.ch\/wordpress\/wp-content\/uploads\/2025\/08\/IMG_7664-2-1-300x225.jpeg 300w\" sizes=\"(max-width: 400px) 100vw, 400px\" \/><\/div>\n\t\t<\/a>\n\t\t\t\t<div class=\"elementor-post__text\">\n\t\t\t\t<h3 class=\"elementor-post__title\">\n\t\t\t<a href=\"https:\/\/maendeleo.ch\/wordpress\/statt-20-reisen-4-kisten-mit-material-nach-ikoma\/\" >\n\t\t\t\tSchulstart mit neuen Schulb\u00fcchern\t\t\t<\/a>\n\t\t<\/h3>\n\t\t\t\t<div class=\"elementor-post__excerpt\">\n\t\t\t<p>Sept. 25: Schulstart mit neuen Schulb\u00fcchern Gerade noch rechtzeitig sind vier 20 Kilo schwere Schachteln mit Schulb\u00fcchern f\u00fcr den Franz\u00f6sisch- und Rechenunterricht in Ikoma angekommen. Sie werden rege gebraucht, das zeigen Bilder aus der Vorschulklasse (\u00c9cole maternelle) und der 1. Klasse. Geplant war ein viel gr\u00f6sserer Transport. Die Eroberung grosser<\/p>\n\t\t<\/div>\n\t\t\n\t\t<a class=\"elementor-post__read-more\" href=\"https:\/\/maendeleo.ch\/wordpress\/statt-20-reisen-4-kisten-mit-material-nach-ikoma\/\" aria-label=\"Mehr \u00fcber Schulstart mit neuen Schulb\u00fcchern\" tabindex=\"-1\" >\n\t\t\tWeiterlesen \u00bb\t\t<\/a>\n\n\t\t\t\t<\/div>\n\t\t\t\t<\/article>\n\t\t\t\t<article class=\"elementor-post elementor-grid-item post-9582 post type-post status-publish format-standard has-post-thumbnail hentry category-aktuell category-schule\" role=\"listitem\">\n\t\t\t\t<a class=\"elementor-post__thumbnail__link\" href=\"https:\/\/maendeleo.ch\/wordpress\/uns\/\" tabindex=\"-1\" >\n\t\t\t<div class=\"elementor-post__thumbnail\"><img loading=\"lazy\" decoding=\"async\" width=\"1040\" height=\"468\" src=\"https:\/\/maendeleo.ch\/wordpress\/wp-content\/uploads\/2025\/08\/Francois-Gefluechtete-3.jpeg\" class=\"attachment-full size-full wp-image-9614\" alt=\"\" srcset=\"https:\/\/maendeleo.ch\/wordpress\/wp-content\/uploads\/2025\/08\/Francois-Gefluechtete-3.jpeg 1040w, https:\/\/maendeleo.ch\/wordpress\/wp-content\/uploads\/2025\/08\/Francois-Gefluechtete-3-300x135.jpeg 300w, https:\/\/maendeleo.ch\/wordpress\/wp-content\/uploads\/2025\/08\/Francois-Gefluechtete-3-1024x461.jpeg 1024w, https:\/\/maendeleo.ch\/wordpress\/wp-content\/uploads\/2025\/08\/Francois-Gefluechtete-3-768x346.jpeg 768w\" sizes=\"(max-width: 1040px) 100vw, 1040px\" \/><\/div>\n\t\t<\/a>\n\t\t\t\t<div class=\"elementor-post__text\">\n\t\t\t\t<h3 class=\"elementor-post__title\">\n\t\t\t<a href=\"https:\/\/maendeleo.ch\/wordpress\/uns\/\" >\n\t\t\t\tUnsere Lehrkr\u00e4fte nehmen Fl\u00fcchtlingsfamilien auf\t\t\t<\/a>\n\t\t<\/h3>\n\t\t\t\t<div class=\"elementor-post__excerpt\">\n\t\t\t<p>Lehrerfamilien nehmen Fl\u00fcchtlinge auf Das Bild zeigt links unsren Erstklasslehrer Fran\u00e7ois (rotkariertes Hemd) mit seiner Frau und ihren drei Kindern. Daneben eine Frau und sieben Kinder. Sie sind geflohen vor den K\u00e4mpfen zwischen den Truppen der M23 und denen der Wazalendo. Unsere Schule liegt im Gebiet, das die M23 Mitte<\/p>\n\t\t<\/div>\n\t\t\n\t\t<a class=\"elementor-post__read-more\" href=\"https:\/\/maendeleo.ch\/wordpress\/uns\/\" aria-label=\"Mehr \u00fcber Unsere Lehrkr\u00e4fte nehmen Fl\u00fcchtlingsfamilien auf\" tabindex=\"-1\" >\n\t\t\tWeiterlesen \u00bb\t\t<\/a>\n\n\t\t\t\t<\/div>\n\t\t\t\t<\/article>\n\t\t\t\t<article class=\"elementor-post elementor-grid-item post-9566 post type-post status-publish format-standard has-post-thumbnail hentry category-aktuell category-schule\" role=\"listitem\">\n\t\t\t\t<a class=\"elementor-post__thumbnail__link\" href=\"https:\/\/maendeleo.ch\/wordpress\/abschluss-prue\/\" tabindex=\"-1\" >\n\t\t\t<div class=\"elementor-post__thumbnail\"><img loading=\"lazy\" decoding=\"async\" width=\"1040\" height=\"468\" src=\"https:\/\/maendeleo.ch\/wordpress\/wp-content\/uploads\/2025\/07\/6.-Klaesslerinnen-Pruefung-25-.jpeg\" class=\"attachment-full size-full wp-image-9603\" alt=\"\" srcset=\"https:\/\/maendeleo.ch\/wordpress\/wp-content\/uploads\/2025\/07\/6.-Klaesslerinnen-Pruefung-25-.jpeg 1040w, https:\/\/maendeleo.ch\/wordpress\/wp-content\/uploads\/2025\/07\/6.-Klaesslerinnen-Pruefung-25--300x135.jpeg 300w, https:\/\/maendeleo.ch\/wordpress\/wp-content\/uploads\/2025\/07\/6.-Klaesslerinnen-Pruefung-25--1024x461.jpeg 1024w, https:\/\/maendeleo.ch\/wordpress\/wp-content\/uploads\/2025\/07\/6.-Klaesslerinnen-Pruefung-25--768x346.jpeg 768w\" sizes=\"(max-width: 1040px) 100vw, 1040px\" \/><\/div>\n\t\t<\/a>\n\t\t\t\t<div class=\"elementor-post__text\">\n\t\t\t\t<h3 class=\"elementor-post__title\">\n\t\t\t<a href=\"https:\/\/maendeleo.ch\/wordpress\/abschluss-prue\/\" >\n\t\t\t\tAlle 6. Kl\u00e4sslerinnen bestehen den nationalen Abschlusstest\t\t\t<\/a>\n\t\t<\/h3>\n\t\t\t\t<div class=\"elementor-post__excerpt\">\n\t\t\t<p>Alle 6. Kl\u00e4sslerinnen bestehen den nationalen Abschlusstest 22 der 29 Sch\u00fcler*innen am Tag der Pr\u00fcfung 15 M\u00e4dchen und 14 Jungs machten\u00a0 sich am 1. Juli auf, um die nationale Pr\u00fcfung am Ende der Primarschule zu absolvieren. Am 6. August lagen die Ergebnisse vor: alle 29 haben bestanden. Wir gratulieren der<\/p>\n\t\t<\/div>\n\t\t\n\t\t<a class=\"elementor-post__read-more\" href=\"https:\/\/maendeleo.ch\/wordpress\/abschluss-prue\/\" aria-label=\"Mehr \u00fcber Alle 6. Kl\u00e4sslerinnen bestehen den nationalen Abschlusstest\" tabindex=\"-1\" >\n\t\t\tWeiterlesen \u00bb\t\t<\/a>\n\n\t\t\t\t<\/div>\n\t\t\t\t<\/article>\n\t\t\t\t<article class=\"elementor-post elementor-grid-item post-9509 post type-post status-publish format-standard has-post-thumbnail hentry category-aktuell category-schule\" role=\"listitem\">\n\t\t\t\t<a class=\"elementor-post__thumbnail__link\" href=\"https:\/\/maendeleo.ch\/wordpress\/wi\/\" tabindex=\"-1\" >\n\t\t\t<div class=\"elementor-post__thumbnail\"><img loading=\"lazy\" decoding=\"async\" width=\"2560\" height=\"1920\" src=\"https:\/\/maendeleo.ch\/wordpress\/wp-content\/uploads\/2022\/07\/10-Schu\u0308ler-schreibt-MzH-Anita-o--scaled.jpg\" class=\"attachment-full size-full wp-image-8336\" alt=\"\" srcset=\"https:\/\/maendeleo.ch\/wordpress\/wp-content\/uploads\/2022\/07\/10-Schu\u0308ler-schreibt-MzH-Anita-o--scaled.jpg 2560w, https:\/\/maendeleo.ch\/wordpress\/wp-content\/uploads\/2022\/07\/10-Schu\u0308ler-schreibt-MzH-Anita-o--300x225.jpg 300w, https:\/\/maendeleo.ch\/wordpress\/wp-content\/uploads\/2022\/07\/10-Schu\u0308ler-schreibt-MzH-Anita-o--1024x768.jpg 1024w, https:\/\/maendeleo.ch\/wordpress\/wp-content\/uploads\/2022\/07\/10-Schu\u0308ler-schreibt-MzH-Anita-o--768x576.jpg 768w, https:\/\/maendeleo.ch\/wordpress\/wp-content\/uploads\/2022\/07\/10-Schu\u0308ler-schreibt-MzH-Anita-o--1536x1152.jpg 1536w, https:\/\/maendeleo.ch\/wordpress\/wp-content\/uploads\/2022\/07\/10-Schu\u0308ler-schreibt-MzH-Anita-o--2048x1536.jpg 2048w\" sizes=\"(max-width: 2560px) 100vw, 2560px\" \/><\/div>\n\t\t<\/a>\n\t\t\t\t<div class=\"elementor-post__text\">\n\t\t\t\t<h3 class=\"elementor-post__title\">\n\t\t\t<a href=\"https:\/\/maendeleo.ch\/wordpress\/wi\/\" >\n\t\t\t\t&#8222;Wir leben in einem offenen Gef\u00e4ngnis&#8220;\t\t\t<\/a>\n\t\t<\/h3>\n\t\t\t\t<div class=\"elementor-post__excerpt\">\n\t\t\t<p>1. April 2025: Wir leben in einem offenen Gef\u00e4ngnis so beschreibt Bertin Mungombe, unser Gew\u00e4hrsmann vor Ort, am 1. April die Situation in Bukavu und Umgebung, 6 Wochen, nachdem die Rebellenarmee M23 Bukavu eingenommen hat. Die Banken sind weiterhin geschlossen. Wer noch Geld hat, bezahlt mit dem Handy, muss daf\u00fcr<\/p>\n\t\t<\/div>\n\t\t\n\t\t<a class=\"elementor-post__read-more\" href=\"https:\/\/maendeleo.ch\/wordpress\/wi\/\" aria-label=\"Mehr \u00fcber &#8222;Wir leben in einem offenen Gef\u00e4ngnis&#8220;\" tabindex=\"-1\" >\n\t\t\tWeiterlesen \u00bb\t\t<\/a>\n\n\t\t\t\t<\/div>\n\t\t\t\t<\/article>\n\t\t\t\t<article class=\"elementor-post elementor-grid-item post-9445 post type-post status-publish format-standard has-post-thumbnail hentry category-aktuell category-leben-im-kongo category-schule\" role=\"listitem\">\n\t\t\t\t<a class=\"elementor-post__thumbnail__link\" href=\"https:\/\/maendeleo.ch\/wordpress\/hilferuf-unsrer-leute-vor-ort\/\" tabindex=\"-1\" >\n\t\t\t<div class=\"elementor-post__thumbnail\"><img loading=\"lazy\" decoding=\"async\" width=\"1040\" height=\"468\" src=\"https:\/\/maendeleo.ch\/wordpress\/wp-content\/uploads\/2025\/03\/Kindergaertner-neue-Zimmer.jpeg\" class=\"attachment-full size-full wp-image-9446\" alt=\"\" srcset=\"https:\/\/maendeleo.ch\/wordpress\/wp-content\/uploads\/2025\/03\/Kindergaertner-neue-Zimmer.jpeg 1040w, https:\/\/maendeleo.ch\/wordpress\/wp-content\/uploads\/2025\/03\/Kindergaertner-neue-Zimmer-300x135.jpeg 300w, https:\/\/maendeleo.ch\/wordpress\/wp-content\/uploads\/2025\/03\/Kindergaertner-neue-Zimmer-1024x461.jpeg 1024w, https:\/\/maendeleo.ch\/wordpress\/wp-content\/uploads\/2025\/03\/Kindergaertner-neue-Zimmer-768x346.jpeg 768w\" sizes=\"(max-width: 1040px) 100vw, 1040px\" \/><\/div>\n\t\t<\/a>\n\t\t\t\t<div class=\"elementor-post__text\">\n\t\t\t\t<h3 class=\"elementor-post__title\">\n\t\t\t<a href=\"https:\/\/maendeleo.ch\/wordpress\/hilferuf-unsrer-leute-vor-ort\/\" >\n\t\t\t\tHilferuf unsrer Leute vor Ort\t\t\t<\/a>\n\t\t<\/h3>\n\t\t\t\t<div class=\"elementor-post__excerpt\">\n\t\t\t<p>Schulteam bittet um Hilfe: Kein Staat &#8211; kein Lohn Die Kinder gehen wieder zur Schule in Ikoma. Ikoma ist jetzt in der Hand der M23, die kongolesische Armee hat ihnen auch dieses Gebiet \u00fcberlassen. Das heisst auch, der kongolesische Staat ist hier nicht\u00a0 mehr zust\u00e4ndig. Seit dem Vormarsch der M23<\/p>\n\t\t<\/div>\n\t\t\n\t\t<a class=\"elementor-post__read-more\" href=\"https:\/\/maendeleo.ch\/wordpress\/hilferuf-unsrer-leute-vor-ort\/\" aria-label=\"Mehr \u00fcber Hilferuf unsrer Leute vor Ort\" tabindex=\"-1\" >\n\t\t\tWeiterlesen \u00bb\t\t<\/a>\n\n\t\t\t\t<\/div>\n\t\t\t\t<\/article>\n\t\t\t\t<article class=\"elementor-post elementor-grid-item post-9149 post type-post status-publish format-standard has-post-thumbnail hentry category-schule\" role=\"listitem\">\n\t\t\t\t<a class=\"elementor-post__thumbnail__link\" href=\"https:\/\/maendeleo.ch\/wordpress\/lehrerstreik-zu-ende-lohnerhoehung-18-dollar\/\" tabindex=\"-1\" >\n\t\t\t<div class=\"elementor-post__thumbnail\"><img loading=\"lazy\" decoding=\"async\" width=\"426\" height=\"320\" src=\"https:\/\/maendeleo.ch\/wordpress\/wp-content\/uploads\/2024\/11\/schule-in-Ikoma-320.jpg\" class=\"attachment-full size-full wp-image-8974\" alt=\"\" srcset=\"https:\/\/maendeleo.ch\/wordpress\/wp-content\/uploads\/2024\/11\/schule-in-Ikoma-320.jpg 426w, https:\/\/maendeleo.ch\/wordpress\/wp-content\/uploads\/2024\/11\/schule-in-Ikoma-320-300x225.jpg 300w\" sizes=\"(max-width: 426px) 100vw, 426px\" \/><\/div>\n\t\t<\/a>\n\t\t\t\t<div class=\"elementor-post__text\">\n\t\t\t\t<h3 class=\"elementor-post__title\">\n\t\t\t<a href=\"https:\/\/maendeleo.ch\/wordpress\/lehrerstreik-zu-ende-lohnerhoehung-18-dollar\/\" >\n\t\t\t\tLehrerstreik zu Ende &#8211; Lohnerh\u00f6hung 18 Dollar\t\t\t<\/a>\n\t\t<\/h3>\n\t\t\t\t<div class=\"elementor-post__excerpt\">\n\t\t\t<p>Lehrerstreik zu Ende &#8211; Lohnerh\u00f6hung um 18 Dollar (hje) Am Montag, 4. November, haben die Lehrkr\u00e4fte der \u00f6ffentlichen Primarschulen im Kongo ihre Arbeit wieder aufgenommen, auch unser Team in Ikoma. Seit Mitte September, dem regul\u00e4ren Beginn des Schuljahres, hatten sie gestreikt f\u00fcr mehr Lohn. Sie bekommen jetzt 18 Dollar ($)<\/p>\n\t\t<\/div>\n\t\t\n\t\t<a class=\"elementor-post__read-more\" href=\"https:\/\/maendeleo.ch\/wordpress\/lehrerstreik-zu-ende-lohnerhoehung-18-dollar\/\" aria-label=\"Mehr \u00fcber Lehrerstreik zu Ende &#8211; Lohnerh\u00f6hung 18 Dollar\" tabindex=\"-1\" >\n\t\t\tWeiterlesen \u00bb\t\t<\/a>\n\n\t\t\t\t<\/div>\n\t\t\t\t<\/article>\n\t\t\t\t<article class=\"elementor-post elementor-grid-item post-9138 post type-post status-publish format-standard has-post-thumbnail hentry category-leben-im-kongo category-schule\" role=\"listitem\">\n\t\t\t\t<a class=\"elementor-post__thumbnail__link\" href=\"https:\/\/maendeleo.ch\/wordpress\/schwieriges-leben-in-ikoma\/\" tabindex=\"-1\" >\n\t\t\t<div class=\"elementor-post__thumbnail\"><img loading=\"lazy\" decoding=\"async\" width=\"998\" height=\"448\" src=\"https:\/\/maendeleo.ch\/wordpress\/wp-content\/uploads\/2022\/03\/trauerfeier-justin.jpg\" class=\"attachment-full size-full wp-image-8004\" alt=\"\" srcset=\"https:\/\/maendeleo.ch\/wordpress\/wp-content\/uploads\/2022\/03\/trauerfeier-justin.jpg 998w, https:\/\/maendeleo.ch\/wordpress\/wp-content\/uploads\/2022\/03\/trauerfeier-justin-300x135.jpg 300w, https:\/\/maendeleo.ch\/wordpress\/wp-content\/uploads\/2022\/03\/trauerfeier-justin-768x345.jpg 768w\" sizes=\"(max-width: 998px) 100vw, 998px\" \/><\/div>\n\t\t<\/a>\n\t\t\t\t<div class=\"elementor-post__text\">\n\t\t\t\t<h3 class=\"elementor-post__title\">\n\t\t\t<a href=\"https:\/\/maendeleo.ch\/wordpress\/schwieriges-leben-in-ikoma\/\" >\n\t\t\t\tSchwieriges Leben in Ikoma\t\t\t<\/a>\n\t\t<\/h3>\n\t\t\t\t<div class=\"elementor-post__excerpt\">\n\t\t\t<p>Schwieriges Leben in Ikoma Ein Bericht unserer LehrerInnen (redigiert von Bertin Mungombe, \u00fcbersetzt von DeepL, bearbeitet und zum besseren Verst\u00e4ndnis erg\u00e4nzt von hje) Ikoma ist die gr\u00f6sste Siedlung im Verwaltungsgebiet Walungu. Das Leben hier ist sehr schwierig. Seit Jahren produzieren unsere Felder kaum noch etwas. Wir leben haupts\u00e4chlich von S\u00fcsskartoffeln,<\/p>\n\t\t<\/div>\n\t\t\n\t\t<a class=\"elementor-post__read-more\" href=\"https:\/\/maendeleo.ch\/wordpress\/schwieriges-leben-in-ikoma\/\" aria-label=\"Mehr \u00fcber Schwieriges Leben in Ikoma\" tabindex=\"-1\" >\n\t\t\tWeiterlesen \u00bb\t\t<\/a>\n\n\t\t\t\t<\/div>\n\t\t\t\t<\/article>\n\t\t\t\t<article class=\"elementor-post elementor-grid-item post-8893 post type-post status-publish format-standard has-post-thumbnail hentry category-schule\" role=\"listitem\">\n\t\t\t\t<a class=\"elementor-post__thumbnail__link\" href=\"https:\/\/maendeleo.ch\/wordpress\/wir-bauen-ein-letztes-mal\/\" tabindex=\"-1\" >\n\t\t\t<div class=\"elementor-post__thumbnail\"><img loading=\"lazy\" decoding=\"async\" width=\"780\" height=\"1040\" src=\"https:\/\/maendeleo.ch\/wordpress\/wp-content\/uploads\/2024\/08\/Bauprojekt-03-2024-08.jpg\" class=\"attachment-full size-full wp-image-8898\" alt=\"\" srcset=\"https:\/\/maendeleo.ch\/wordpress\/wp-content\/uploads\/2024\/08\/Bauprojekt-03-2024-08.jpg 780w, https:\/\/maendeleo.ch\/wordpress\/wp-content\/uploads\/2024\/08\/Bauprojekt-03-2024-08-225x300.jpg 225w, https:\/\/maendeleo.ch\/wordpress\/wp-content\/uploads\/2024\/08\/Bauprojekt-03-2024-08-768x1024.jpg 768w\" sizes=\"(max-width: 780px) 100vw, 780px\" \/><\/div>\n\t\t<\/a>\n\t\t\t\t<div class=\"elementor-post__text\">\n\t\t\t\t<h3 class=\"elementor-post__title\">\n\t\t\t<a href=\"https:\/\/maendeleo.ch\/wordpress\/wir-bauen-ein-letztes-mal\/\" >\n\t\t\t\tWir bauen ein letztes Mal\t\t\t<\/a>\n\t\t<\/h3>\n\t\t\t\t<div class=\"elementor-post__excerpt\">\n\t\t\t<p>Seit dem 22. Juli ist unsere Primarschule Milondola wieder eine Baustelle. In der Trockenzeit bis zum Schulanfang Mitte September will die Bau-Equipe zwei Probleme l\u00f6sen: Unsere Schule liegt an einer Strasse. Der obere Riegel mit drei Schulzimmern liegt auf Strassenh\u00f6he, die anderen Geb\u00e4ude darunter an einem leichten Abhang. Schon vor<\/p>\n\t\t<\/div>\n\t\t\n\t\t<a class=\"elementor-post__read-more\" href=\"https:\/\/maendeleo.ch\/wordpress\/wir-bauen-ein-letztes-mal\/\" aria-label=\"Mehr \u00fcber Wir bauen ein letztes Mal\" tabindex=\"-1\" >\n\t\t\tWeiterlesen \u00bb\t\t<\/a>\n\n\t\t\t\t<\/div>\n\t\t\t\t<\/article>\n\t\t\t\t<article class=\"elementor-post elementor-grid-item post-8750 post type-post status-publish format-standard has-post-thumbnail hentry category-schule\" role=\"listitem\">\n\t\t\t\t<a class=\"elementor-post__thumbnail__link\" href=\"https:\/\/maendeleo.ch\/wordpress\/elementor-8750\/\" tabindex=\"-1\" >\n\t\t\t<div class=\"elementor-post__thumbnail\"><img loading=\"lazy\" decoding=\"async\" width=\"960\" height=\"540\" src=\"https:\/\/maendeleo.ch\/wordpress\/wp-content\/uploads\/2024\/01\/36115582-ABD5-4EC3-9A1B-4CBE44C67701.jpeg\" class=\"attachment-full size-full wp-image-8763\" alt=\"\" srcset=\"https:\/\/maendeleo.ch\/wordpress\/wp-content\/uploads\/2024\/01\/36115582-ABD5-4EC3-9A1B-4CBE44C67701.jpeg 960w, https:\/\/maendeleo.ch\/wordpress\/wp-content\/uploads\/2024\/01\/36115582-ABD5-4EC3-9A1B-4CBE44C67701-300x169.jpeg 300w, https:\/\/maendeleo.ch\/wordpress\/wp-content\/uploads\/2024\/01\/36115582-ABD5-4EC3-9A1B-4CBE44C67701-768x432.jpeg 768w\" sizes=\"(max-width: 960px) 100vw, 960px\" \/><\/div>\n\t\t<\/a>\n\t\t\t\t<div class=\"elementor-post__text\">\n\t\t\t\t<h3 class=\"elementor-post__title\">\n\t\t\t<a href=\"https:\/\/maendeleo.ch\/wordpress\/elementor-8750\/\" >\n\t\t\t\t20. Januar 24: Weihnachts-Anlass nachgeholt\t\t\t<\/a>\n\t\t<\/h3>\n\t\t\t\t<div class=\"elementor-post__excerpt\">\n\t\t\t<p>20.1.24: Der Weihnachts-Anlass wird nachgeholt In den letzten Monaten regnet es im S\u00fcd-Kivu viel mehr als in fr\u00fcheren Jahren. Als Folge sind die nicht asphaltierten Strassen noch schlechter befahrbar als bisher. Erst am 20. Januar wagten unsere kongolesischen freiwilligen MitarbeiterInnen Barthon, Furaha und Bertin die Fahrt von Bukavu nach Ikoma.<\/p>\n\t\t<\/div>\n\t\t\n\t\t<a class=\"elementor-post__read-more\" href=\"https:\/\/maendeleo.ch\/wordpress\/elementor-8750\/\" aria-label=\"Mehr \u00fcber 20. Januar 24: Weihnachts-Anlass nachgeholt\" tabindex=\"-1\" >\n\t\t\tWeiterlesen \u00bb\t\t<\/a>\n\n\t\t\t\t<\/div>\n\t\t\t\t<\/article>\n\t\t\t\t<article class=\"elementor-post elementor-grid-item post-8404 post type-post status-publish format-standard has-post-thumbnail hentry category-schule\" role=\"listitem\">\n\t\t\t\t<a class=\"elementor-post__thumbnail__link\" href=\"https:\/\/maendeleo.ch\/wordpress\/elementor-8404\/\" tabindex=\"-1\" >\n\t\t\t<div class=\"elementor-post__thumbnail\"><img loading=\"lazy\" decoding=\"async\" width=\"986\" height=\"248\" src=\"https:\/\/maendeleo.ch\/wordpress\/wp-content\/uploads\/2022\/11\/Teasm-Ko\u0308pfe.jpg\" class=\"attachment-full size-full wp-image-8422\" alt=\"\" srcset=\"https:\/\/maendeleo.ch\/wordpress\/wp-content\/uploads\/2022\/11\/Teasm-Ko\u0308pfe.jpg 986w, https:\/\/maendeleo.ch\/wordpress\/wp-content\/uploads\/2022\/11\/Teasm-Ko\u0308pfe-300x75.jpg 300w, https:\/\/maendeleo.ch\/wordpress\/wp-content\/uploads\/2022\/11\/Teasm-Ko\u0308pfe-768x193.jpg 768w\" sizes=\"(max-width: 986px) 100vw, 986px\" \/><\/div>\n\t\t<\/a>\n\t\t\t\t<div class=\"elementor-post__text\">\n\t\t\t\t<h3 class=\"elementor-post__title\">\n\t\t\t<a href=\"https:\/\/maendeleo.ch\/wordpress\/elementor-8404\/\" >\n\t\t\t\tTeam wieder komplett, neuer Lehrer\t\t\t<\/a>\n\t\t<\/h3>\n\t\t\t\t<div class=\"elementor-post__excerpt\">\n\t\t\t<p>Team in Ikoma wieder komplett Seit dem Schulbeginn Mitte September 22 ist unser Team vor Ort wieder komplett. Neu im Team ist Erik Elia Mwalungwe (3. von rechts). Er ersetzt Justin Mulume, der im Februar ermordet wurde. Seit dem tragischen Tod hatte Mulumes Frau die Justins Klasse \u00fcbernommen. Sie ist<\/p>\n\t\t<\/div>\n\t\t\n\t\t<a class=\"elementor-post__read-more\" href=\"https:\/\/maendeleo.ch\/wordpress\/elementor-8404\/\" aria-label=\"Mehr \u00fcber Team wieder komplett, neuer Lehrer\" tabindex=\"-1\" >\n\t\t\tWeiterlesen \u00bb\t\t<\/a>\n\n\t\t\t\t<\/div>\n\t\t\t\t<\/article>\n\t\t\t\t<\/div>\n\t\t\n\t\t\t\t<div class=\"e-load-more-anchor\" data-page=\"1\" data-max-page=\"3\" data-next-page=\"https:\/\/maendeleo.ch\/wordpress\/wp-json\/wp\/v2\/pages\/55\/page\/2\/\"><\/div>\n\t\t\t\t<nav class=\"elementor-pagination\" aria-label=\"Seitennummerierung\">\n\t\t\t<span aria-current=\"page\" class=\"page-numbers current\"><span class=\"elementor-screen-only\">Seite<\/span>1<\/span>\n<a class=\"page-numbers\" href=\"https:\/\/maendeleo.ch\/wordpress\/wp-json\/wp\/v2\/pages\/55\/page\/2\/\"><span class=\"elementor-screen-only\">Seite<\/span>2<\/a>\n<a class=\"page-numbers\" href=\"https:\/\/maendeleo.ch\/wordpress\/wp-json\/wp\/v2\/pages\/55\/page\/3\/\"><span class=\"elementor-screen-only\">Seite<\/span>3<\/a>\t\t<\/nav>\n\t\t\t\t\t\t<\/div>\n\t\t\t\t<\/div>\n\t\t\t\t\t<\/div>\n\t\t<\/div>\n\t\t\t\t\t<\/div>\n\t\t<\/section>\n\t\t\t\t<\/div>\n\t\t","protected":false},"excerpt":{"rendered":"","protected":false},"author":1,"featured_media":89,"parent":0,"menu_order":0,"comment_status":"closed","ping_status":"closed","template":"page-templates\/template-pagebuilder-full-width.php","meta":{"footnotes":""},"class_list":["post-55","page","type-page","status-publish","has-post-thumbnail","hentry"],"_links":{"self":[{"href":"https:\/\/maendeleo.ch\/wordpress\/wp-json\/wp\/v2\/pages\/55","targetHints":{"allow":["GET"]}}],"collection":[{"href":"https:\/\/maendeleo.ch\/wordpress\/wp-json\/wp\/v2\/pages"}],"about":[{"href":"https:\/\/maendeleo.ch\/wordpress\/wp-json\/wp\/v2\/types\/page"}],"author":[{"embeddable":true,"href":"https:\/\/maendeleo.ch\/wordpress\/wp-json\/wp\/v2\/users\/1"}],"replies":[{"embeddable":true,"href":"https:\/\/maendeleo.ch\/wordpress\/wp-json\/wp\/v2\/comments?post=55"}],"version-history":[{"count":15,"href":"https:\/\/maendeleo.ch\/wordpress\/wp-json\/wp\/v2\/pages\/55\/revisions"}],"predecessor-version":[{"id":9670,"href":"https:\/\/maendeleo.ch\/wordpress\/wp-json\/wp\/v2\/pages\/55\/revisions\/9670"}],"wp:featuredmedia":[{"embeddable":true,"href":"https:\/\/maendeleo.ch\/wordpress\/wp-json\/wp\/v2\/media\/89"}],"wp:attachment":[{"href":"https:\/\/maendeleo.ch\/wordpress\/wp-json\/wp\/v2\/media?parent=55"}],"curies":[{"name":"wp","href":"https:\/\/api.w.org\/{rel}","templated":true}]}}